{"id":123,"date":"2020-06-02T18:33:12","date_gmt":"2020-06-02T18:33:12","guid":{"rendered":"https:\/\/web.sanchez-herrero.es\/?page_id=123"},"modified":"2020-06-02T18:33:47","modified_gmt":"2020-06-02T18:33:47","slug":"etapa-en-cuba","status":"publish","type":"page","link":"https:\/\/www.sanchez-herrero.es\/index.php\/etapa-en-cuba\/","title":{"rendered":"Etapa en Cuba"},"content":{"rendered":"\n<p>El 13 de enero de 1875 nace el \u00fanico hijo que tuvo con Rafaela Margarita. Este hijo fue bautizado en la parroquia de Nuestra Se\u00f1ora de la Soledad de Puerto Pr\u00edncipe, imponi\u00e9ndosele los nombres de Abd\u00f3n Guillermo Pedro.<\/p>\n\n\n\n<p>Posteriormente&nbsp; a los destinos indicados estuvo prestando servicios en el batall\u00f3n de cazadores de Alba de Tormes.<\/p>\n\n\n\n<p>Las penas, amarguras y sufrimientos que experiment\u00f3 mi abuelo Abd\u00f3n durante la campa\u00f1a en Cuba fueron grandes, porque su car\u00e1cter independiente se aven\u00eda mal con la disciplina militar. Defend\u00eda siempre el inter\u00e9s de los soldados enfermos, oponi\u00e9ndose a que marcharan a prestar servicios hasta su completo restablecimiento.<\/p>\n\n\n\n<p>Cu\u00e9ntese con que el paludismo aludido en p\u00e1rrafo anterior hac\u00eda verdaderos estragos en nuestro ej\u00e9rcito, as\u00ed como la fiebre amarilla o v\u00f3mito negro, por otro nombre. A esta \u00faltima enfermedad la llamaban los insurrectos \u201cel patriota\u201d, porque a ella se deb\u00eda el fallecimiento de muchos soldados espa\u00f1oles.<\/p>\n\n\n\n<p>Comprendiendo que este antagonismo con los jefes podr\u00eda originar alg\u00fan conflicto grave, solicit\u00f3 y obtuvo la licencia absoluta (13 de julio de 1877).<\/p>\n\n\n\n<p>A partir de la Paz de Zanj\u00f3n (10-2-1878) y, una vez licenciado del ej\u00e9rcito, pas\u00f3 nuevamente a ejercer como m\u00e9dico rural en Jag\u00fcey Grande (cabecera de su jurisdicci\u00f3n, con 3798 habitantes, fundada alrededor de 1860).<\/p>\n\n\n\n<p>All\u00ed pudo ver el triste espect\u00e1culo que se daba en los ingenios con la esclavitud de la raza negra, que era objeto de unos tratamientos inhumanos. Respecto a esto, contaba en la intimidad casos verdaderamente horribles.<\/p>\n\n\n\n<p>En su interior anhelaba el regreso a la patria y llegar a conseguir el ideal que acarici\u00f3 toda su vida: la ense\u00f1anza, y bien que lo logr\u00f3 durante su corta existencia, seg\u00fan se ver\u00e1 m\u00e1s adelante.<\/p>\n\n\n\n<p>El 4 de enero de 1876 fue recompensado con la medalla conmemorativa de la campa\u00f1a de Cuba con el uso de distintivo rojo por sus servicios prestados en la misma.<\/p>\n\n\n\n<p>El 5 de julio de 1876 fue premiado con el grado de m\u00e9dico mayor por los distinguidos servicios que prestara en las operaciones y hechos de armas, ocurridos desde el 20 de febrero de 1875 a fin de mayo de 1876.<\/p>\n\n\n\n<p>El 30 de mayo de 1877 fue nombrado M\u00e9dico Director de la enfermer\u00eda militar de Jag\u00fcey Grande, provincia de Matanzas (Cuba), cuyo cargo desempe\u00f1\u00f3 gratuitamente durante dos a\u00f1os, mereciendo las gracias m\u00e1s expresivas del Excmo. Sr. Comandante General de Matanzas, con la promesa de hacer presente este servicio al Ministerio del ramo.<\/p>\n\n\n\n<p>El 23 de junio de 1877 fue nombrado M\u00e9dico Municipal Forense de dicho Jag\u00fcey Grande, ocupaci\u00f3n que ejerci\u00f3 , igualmente de forma gratuita y honor\u00edfica, hasta el 1\u00ba de mayo de 1880.<\/p>\n\n\n\n<p>Vacun\u00f3 y revacun\u00f3 gratuitamente a las fuerzas de la zona milita de Jag\u00fcey Grande, mereciendo por ello tambi\u00e9n el reconocimiento de la primera autoridad militar de la misma.<\/p>\n\n\n\n<p>Regres\u00f3 a Espa\u00f1a en el a\u00f1o 1880, fijando su residencia en Salamanca.<\/p>\n","protected":false},"excerpt":{"rendered":"<p>El 13 de enero de 1875 nace el \u00fanico hijo que tuvo con Rafaela Margarita. Este hijo fue bautizado en la parroquia de Nuestra Se\u00f1ora de la Soledad de Puerto Pr\u00edncipe, imponi\u00e9ndosele los nombres de Abd\u00f3n Guillermo Pedro. Posteriormente&nbsp; a los destinos indicados estuvo prestando servicios en el batall\u00f3n de cazadores de Alba de Tormes. &hellip; <\/p>\n<p class=\"link-more\"><a href=\"https:\/\/www.sanchez-herrero.es\/index.php\/etapa-en-cuba\/\" class=\"more-link\">Continuar leyendo<span class=\"screen-reader-text\"> \u00abEtapa en Cuba\u00bb<\/span><\/a><\/p>\n","protected":false},"author":1,"featured_media":0,"parent":0,"menu_order":0,"comment_status":"closed","ping_status":"closed","template":"","meta":{"footnotes":""},"class_list":["post-123","page","type-page","status-publish","hentry"],"_links":{"self":[{"href":"https:\/\/www.sanchez-herrero.es\/index.php\/wp-json\/wp\/v2\/pages\/123","targetHints":{"allow":["GET"]}}],"collection":[{"href":"https:\/\/www.sanchez-herrero.es\/index.php\/wp-json\/wp\/v2\/pages"}],"about":[{"href":"https:\/\/www.sanchez-herrero.es\/index.php\/wp-json\/wp\/v2\/types\/page"}],"author":[{"embeddable":true,"href":"https:\/\/www.sanchez-herrero.es\/index.php\/wp-json\/wp\/v2\/users\/1"}],"replies":[{"embeddable":true,"href":"https:\/\/www.sanchez-herrero.es\/index.php\/wp-json\/wp\/v2\/comments?post=123"}],"version-history":[{"count":2,"href":"https:\/\/www.sanchez-herrero.es\/index.php\/wp-json\/wp\/v2\/pages\/123\/revisions"}],"predecessor-version":[{"id":125,"href":"https:\/\/www.sanchez-herrero.es\/index.php\/wp-json\/wp\/v2\/pages\/123\/revisions\/125"}],"wp:attachment":[{"href":"https:\/\/www.sanchez-herrero.es\/index.php\/wp-json\/wp\/v2\/media?parent=123"}],"curies":[{"name":"wp","href":"https:\/\/api.w.org\/{rel}","templated":true}]}}