{"id":115,"date":"2020-06-02T18:22:22","date_gmt":"2020-06-02T18:22:22","guid":{"rendered":"https:\/\/web.sanchez-herrero.es\/?page_id=115"},"modified":"2020-06-02T18:22:22","modified_gmt":"2020-06-02T18:22:22","slug":"cronologia","status":"publish","type":"page","link":"https:\/\/www.sanchez-herrero.es\/index.php\/cronologia\/","title":{"rendered":"Cronolog\u00eda"},"content":{"rendered":"\n<p><strong>1851 26 de julio<\/strong>. Nace en Torresmenudas (Salamanca)<\/p>\n\n\n\n<p><strong>1867<\/strong>&nbsp;Es estos primeros 16 a\u00f1os de su vida, recibe de su padre (que era maestro de primera ense\u00f1anza) los conocimientos elementales.<\/p>\n\n\n\n<p><strong>1868<\/strong>&nbsp;Sale del pueblo para Salamanca, donde en cinco a\u00f1os cursa, por ense\u00f1anza 1873 libre, el bachillerato y la carrera de medicina (dos a\u00f1os el bachillerato y tres<br>medicina.<\/p>\n\n\n\n<p><strong>1873 25 de junio.<\/strong>&nbsp;El Claustro de la Facultad de Medicina de la Universidad de Salamanca expide el correspondiente t\u00edtulo.<\/p>\n\n\n\n<p><strong>1873 28 de junio<\/strong>. Se casa con Rafaela Margarita.<\/p>\n\n\n\n<p><strong>1873<\/strong>&nbsp;Tres meses ejerciendo como m\u00e9dico en una peque\u00f1a aldea llamada Armenteros, municipio de la comarca de la Tierra de Alba, en la provincia de Salamanca.<\/p>\n\n\n\n<p><strong>1873<\/strong>&nbsp;Oposiciones al Cuerpo de Sanidad Militar. De los 100 opositores, sali\u00f3 triunfante con el n\u00famero 2 de las 32 plazas convocadas. (Santiago Ram\u00f3n y Cajal -1851-1934- oposit\u00f3 igualmente, obteniendo plaza con el n\u00famero 6).<\/p>\n\n\n\n<p><strong>1873 3 de noviembre.<\/strong>&nbsp;Es nombrado por el Gobierno de la Primera Rep\u00fablica, m\u00e9dico segundo del citado Cuerpo de Sanidad Militar. El presidente de la Rep\u00fablica era Emilio Castelar Ripoll (1832-1899).<\/p>\n\n\n\n<p><strong>1873 1 de diciembre.<\/strong>&nbsp;Toma posesi\u00f3n de dicho cargo, destin\u00e1ndosele al Hospital Militar de Barcelona, donde prest\u00f3 sus servicios hasta el 27 de febrero de 1874.<\/p>\n\n\n\n<p><strong>1874<\/strong>&nbsp;Del 28 de febrero hasta mediados de abril de ese a\u00f1o de 1874 estuvo en el Batall\u00f3n de reserva de Barcelona.<\/p>\n\n\n\n<p><strong>1874 20 de febrero.<\/strong>&nbsp;Hab\u00eda ascendido a m\u00e9dico primero del Cuerpo de Sanidad Militar.<\/p>\n\n\n\n<p><strong>1874 30 de abril<\/strong>&nbsp;Recibe \u00f3rdenes de trasladarse a Cuba formando parte del ej\u00e9rcito expedicionario con destino a la citada isla, con el grado de Capit\u00e1n.<\/p>\n\n\n\n<p><strong>1874 Mayo<\/strong>. Embarca en el vapor \u00abEspa\u00f1a\u00bb, en el puerto de C\u00e1diz en compa\u00f1\u00eda de su esposa y, entre otros, de Santiago Ram\u00f3n y Cajal, que, con igual grado de capit\u00e1n de Sanidad Mar\u00edtima, formaba parte de tal ej\u00e9rcito expedicionario.<br>La traves\u00eda dur\u00f3 18 d\u00edas.<\/p>\n\n\n\n<p><strong>1874<\/strong>&nbsp;Del 9 de junio hasta 5 de octubre en Cuba tuvo el cargo de visitador de los fuertes de Puerto Pr\u00edncipe (Camag\u00fcey).<\/p>\n\n\n\n<p><strong>1874<\/strong>&nbsp;Del 7 de octubre al 10 de noviembre, Cuba, enfermer\u00eda reglamentaria de San Miguel de Nuevitas (Camag\u00fcey).<\/p>\n\n\n\n<p><strong>1875<\/strong>&nbsp;13 de enero. Nace el \u00fanico hijo que tuvo con Rafaela Margarita. Este hijo fue bautizado en la parroquia de Nuestra Se\u00f1ora de Soledad, de Puerto Pr\u00edncipe. Se le impusieron los nombres de Abd\u00f3n Guillermo Pedro.<\/p>\n\n\n\n<p><strong>1875 10 de noviembre<\/strong>. Prestando servicios en el Batall\u00f3n de Cazadores de Alba de Tormes.<\/p>\n\n\n\n<p><strong>1876 4 de enero.<\/strong>&nbsp;Fue recompensado con la medalla conmemorativa de la campa\u00f1a de cuba con el uso de distintivo rojo.<\/p>\n\n\n\n<p><strong>1876 5 de julio<\/strong>. Premiado con el grado de m\u00e9dico mayor por los distinguidos servicios que prestara en las operaciones y hechos de armas ocurridos desde el 20 de febrero de&nbsp;<strong>1875<\/strong>&nbsp;hasta finales de mayo de 1876.<\/p>\n\n\n\n<p><strong>1877 30 de mayo.<\/strong>&nbsp;Nombrado m\u00e9dico director de la Enfermer\u00eda Militar de Jag\u00fcey Grande, provincia de Matanzas (Cuba), cuyo cargo desempe\u00f1\u00f3 gratuitamente durante dos a\u00f1os.<\/p>\n\n\n\n<p><strong>1877 23 de junio.<\/strong>&nbsp;Nombrado M\u00e9dico Municipal Forense de dicho Jag\u00fcey Grande, ocupaci\u00f3n que ejerci\u00f3 tambi\u00e9n de forma gratuita y honor\u00edfica hasta el 1 de mayo de 1880.<\/p>\n\n\n\n<p><strong>1877 13 de julio.<\/strong>&nbsp;Obtiene, a petici\u00f3n propia, la licencia absoluta del ej\u00e9rcito.<\/p>\n\n\n\n<p><strong>1878<\/strong>&nbsp;A partir de la Paz de Zanj\u00f3n (10-2-1878), y ya licenciado del ej\u00e9rcito, se estableci\u00f3 en Jag\u00fcey Grande hasta 1880 que volvi\u00f3 a Espa\u00f1a, fijando su residencia en Salamanca.<\/p>\n\n\n\n<p><strong>1880<\/strong>&nbsp;Curs\u00f3 y aprob\u00f3 en este ciclo acad\u00e9mico las asignaturas del periodo del docto-<br><strong>1881<\/strong>&nbsp;rado de Medicina, y el 27 de junio practic\u00f3 el ejercicio de grado de Doctor.<\/p>\n\n\n\n<p><strong>1881<\/strong>&nbsp;19 de julio. T\u00edtulo de Doctor en Medicina.<\/p>\n\n\n\n<p><strong>1883<\/strong>&nbsp;En los meses de noviembre y diciembre hace oposiciones a la c\u00e1tedra de Patolog\u00eda m\u00e9dica, con su cl\u00ednica, de la Facultad de Medicina de la Universidad de Sevilla, establecida en C\u00e1diz.<\/p>\n\n\n\n<p><strong>1884 7 de enero.<\/strong>&nbsp;Toma posesi\u00f3n de la mencionada c\u00e1tedra, la cual ejerci\u00f3 por el periodo de dos a\u00f1os, cuatro meses y 24 d\u00edas. (Luego hasta el 25 de mayo de 1886).<\/p>\n\n\n\n<p><strong>1886 31 de mayo.<\/strong>&nbsp;Toma posesi\u00f3n, por traslaci\u00f3n de la c\u00e1tedra de Cl\u00ednica M\u00e9dica de la Universidad de Zaragoza, procedente de la de Patolog\u00eda M\u00e9dica de la Facultad de Medicina de Sevilla, establecida en C\u00e1diz.<\/p>\n\n\n\n<p><strong>1886 30 de junio.<\/strong>&nbsp;Cesa en la indicada c\u00e1tedra de Cl\u00ednica M\u00e9dica, por traslado a la Universidad de Valladolid.<\/p>\n\n\n\n<p><strong>1886 1 de julio.&nbsp;<\/strong>Por permuta, toma posesi\u00f3n de la c\u00e1tedra de Patolog\u00eda M\u00e9dica de la Universidad de Valladolid, al frente de la cual estuvo durante dos a\u00f1os y ocho meses (luego hasta marzo de 1889).<\/p>\n\n\n\n<p><strong>1887<\/strong>&nbsp;Comienza a escribir si famosa obra \u00abEl Hipnotismo y la Sugesti\u00f3n\u00bb.<\/p>\n\n\n\n<p><strong>1890 8 de enero<\/strong>. Fallece su esposa Rafaela Margarita.<\/p>\n\n\n\n<p><strong>1891 3 de agosto.&nbsp;<\/strong>Toma posesi\u00f3n de la c\u00e1tedra de patolog\u00eda y Cl\u00ednica M\u00e9dicas de la Facultad de Medicina de la Universidad Central, calle Atocha, 76, de Madrid, que regent\u00f3 hasta su muerte en 1904.<\/p>\n\n\n\n<p><strong>1892 24 de marzo.&nbsp;<\/strong>Se casa con Flota Sainz de Llanos (mi abuela).<\/p>\n\n\n\n<p><strong>1904 <\/strong>El 26 de octubre&nbsp;fallece en Alicante.<\/p>\n","protected":false},"excerpt":{"rendered":"<p>1851 26 de julio. Nace en Torresmenudas (Salamanca) 1867&nbsp;Es estos primeros 16 a\u00f1os de su vida, recibe de su padre (que era maestro de primera ense\u00f1anza) los conocimientos elementales. 1868&nbsp;Sale del pueblo para Salamanca, donde en cinco a\u00f1os cursa, por ense\u00f1anza 1873 libre, el bachillerato y la carrera de medicina (dos a\u00f1os el bachillerato y &hellip; <\/p>\n<p class=\"link-more\"><a href=\"https:\/\/www.sanchez-herrero.es\/index.php\/cronologia\/\" class=\"more-link\">Continuar leyendo<span class=\"screen-reader-text\"> \u00abCronolog\u00eda\u00bb<\/span><\/a><\/p>\n","protected":false},"author":1,"featured_media":0,"parent":0,"menu_order":0,"comment_status":"closed","ping_status":"closed","template":"","meta":{"footnotes":""},"class_list":["post-115","page","type-page","status-publish","hentry"],"_links":{"self":[{"href":"https:\/\/www.sanchez-herrero.es\/index.php\/wp-json\/wp\/v2\/pages\/115","targetHints":{"allow":["GET"]}}],"collection":[{"href":"https:\/\/www.sanchez-herrero.es\/index.php\/wp-json\/wp\/v2\/pages"}],"about":[{"href":"https:\/\/www.sanchez-herrero.es\/index.php\/wp-json\/wp\/v2\/types\/page"}],"author":[{"embeddable":true,"href":"https:\/\/www.sanchez-herrero.es\/index.php\/wp-json\/wp\/v2\/users\/1"}],"replies":[{"embeddable":true,"href":"https:\/\/www.sanchez-herrero.es\/index.php\/wp-json\/wp\/v2\/comments?post=115"}],"version-history":[{"count":1,"href":"https:\/\/www.sanchez-herrero.es\/index.php\/wp-json\/wp\/v2\/pages\/115\/revisions"}],"predecessor-version":[{"id":116,"href":"https:\/\/www.sanchez-herrero.es\/index.php\/wp-json\/wp\/v2\/pages\/115\/revisions\/116"}],"wp:attachment":[{"href":"https:\/\/www.sanchez-herrero.es\/index.php\/wp-json\/wp\/v2\/media?parent=115"}],"curies":[{"name":"wp","href":"https:\/\/api.w.org\/{rel}","templated":true}]}}